{"id":903,"date":"2018-11-15T11:11:35","date_gmt":"2018-11-15T11:11:35","guid":{"rendered":"https:\/\/pobladefarnals.com\/prutskopie\/?page_id=903"},"modified":"2018-11-15T11:11:35","modified_gmt":"2018-11-15T11:11:35","slug":"playa-urbana-con-bandera-azul","status":"publish","type":"page","link":"https:\/\/pobladefarnals.com\/en\/playa-urbana-con-bandera-azul\/","title":{"rendered":"Playa Urbana con Bandera Azul"},"content":{"rendered":"<p>El reconocimiento contempla la calidad del agua o la limpieza del litoral<\/p>\n<p>La playa Norte de la Pobla de Farnals ha vuelto a conseguir este a\u00f1o la Bandera Azul, un reconocimiento otorgado por la Federaci\u00f3n Europea de Educaci\u00f3n Ambiental basado en criterios como la calidad del agua, la limpieza del espacio, la presencia de servicios sanitarios, la seguridad, la informaci\u00f3n aportada al visitante o las iniciativas de concienciaci\u00f3n ecol\u00f3gica que se desarrollan.<\/p>\n<p>Las 132 banderas azules del litoral de la Comunitat Valenciana la convierten en la regi\u00f3n del estado con el n\u00famero m\u00e1s elevado de estos galardones. 31 de estas playas se encuentran en la provincia de Valencia y dos de ellas en la comarca de l&#8217;Horta Nord, concretamente en Pu\u00e7ol, adem\u00e1s de en la Pobla de Farnals.<\/p>\n<p>El Ayuntamiento de la Creu trabaja actualmente para conseguir otras menciones que acrediten la calidad de su litoral. La primera de ellas es la concedida por AENOR, que tiene en cuenta factores como la gesti\u00f3n de los residuos, la vigilancia de las condiciones higi\u00e9nicas y sanitarias, la conservaci\u00f3n del medio natural, el control de las emisiones atmosf\u00e9ricas contaminantes y la minimizaci\u00f3n del ruido. A largo plazo tambi\u00e9n se quiere obtener un estandarte que avale la condici\u00f3n del paseo de Colom como espacio totalmente accesible para personas con diversidad funcional.<\/p>\n","protected":false},"excerpt":{"rendered":"<p>El reconocimiento contempla la calidad del agua o la limpieza del litoral La playa Norte de la Pobla de Farnals [&hellip;]<\/p>\n","protected":false},"author":1,"featured_media":911,"parent":0,"menu_order":0,"comment_status":"closed","ping_status":"closed","template":"","meta":{"_uag_custom_page_level_css":"","site-sidebar-layout":"default","site-content-layout":"","ast-site-content-layout":"default","site-content-style":"default","site-sidebar-style":"default","ast-global-header-display":"","ast-banner-title-visibility":"","ast-main-header-display":"","ast-hfb-above-header-display":"","ast-hfb-below-header-display":"","ast-hfb-mobile-header-display":"","site-post-title":"","ast-breadcrumbs-content":"","ast-featured-img":"","footer-sml-layout":"","ast-disable-related-posts":"","theme-transparent-header-meta":"","adv-header-id-meta":"","stick-header-meta":"","header-above-stick-meta":"","header-main-stick-meta":"","header-below-stick-meta":"","astra-migrate-meta-layouts":"default","ast-page-background-enabled":"default","ast-page-background-meta":{"desktop":{"background-color":"var(--ast-global-color-4)","background-image":"","background-repeat":"repeat","background-position":"center center","background-size":"auto","background-attachment":"scroll","background-type":"","background-media":"","overlay-type":"","overlay-color":"","overlay-opacity":"","overlay-gradient":""},"tablet":{"background-color":"","background-image":"","background-repeat":"repeat","background-position":"center center","background-size":"auto","background-attachment":"scroll","background-type":"","background-media":"","overlay-type":"","overlay-color":"","overlay-opacity":"","overlay-gradient":""},"mobile":{"background-color":"","background-image":"","background-repeat":"repeat","background-position":"center center","background-size":"auto","background-attachment":"scroll","background-type":"","background-media":"","overlay-type":"","overlay-color":"","overlay-opacity":"","overlay-gradient":""}},"ast-content-background-meta":{"desktop":{"background-color":"var(--ast-global-color-5)","background-image":"","background-repeat":"repeat","background-position":"center center","background-size":"auto","background-attachment":"scroll","background-type":"","background-media":"","overlay-type":"","overlay-color":"","overlay-opacity":"","overlay-gradient":""},"tablet":{"background-color":"var(--ast-global-color-5)","background-image":"","background-repeat":"repeat","background-position":"center center","background-size":"auto","background-attachment":"scroll","background-type":"","background-media":"","overlay-type":"","overlay-color":"","overlay-opacity":"","overlay-gradient":""},"mobile":{"background-color":"var(--ast-global-color-5)","background-image":"","background-repeat":"repeat","background-position":"center center","background-size":"auto","background-attachment":"scroll","background-type":"","background-media":"","overlay-type":"","overlay-color":"","overlay-opacity":"","overlay-gradient":""}},"footnotes":""},"class_list":["post-903","page","type-page","status-publish","has-post-thumbnail","hentry"],"featured_image_urls_v2":{"full":["https:\/\/pobladefarnals.com\/en\/wp-content\/uploads\/sites\/9\/2018\/11\/bandera-azul-2018-platja-nord-pobla-de-farnals-valencia.jpg",1701,1134,false],"thumbnail":["https:\/\/pobladefarnals.com\/en\/wp-content\/uploads\/sites\/9\/2018\/11\/bandera-azul-2018-platja-nord-pobla-de-farnals-valencia-150x150.jpg",150,150,true],"medium":["https:\/\/pobladefarnals.com\/en\/wp-content\/uploads\/sites\/9\/2018\/11\/bandera-azul-2018-platja-nord-pobla-de-farnals-valencia-300x200.jpg",300,200,true],"medium_large":["https:\/\/pobladefarnals.com\/en\/wp-content\/uploads\/sites\/9\/2018\/11\/bandera-azul-2018-platja-nord-pobla-de-farnals-valencia-768x512.jpg",768,512,true],"large":["https:\/\/pobladefarnals.com\/en\/wp-content\/uploads\/sites\/9\/2018\/11\/bandera-azul-2018-platja-nord-pobla-de-farnals-valencia-1024x683.jpg",1024,683,true],"1536x1536":["https:\/\/pobladefarnals.com\/en\/wp-content\/uploads\/sites\/9\/2018\/11\/bandera-azul-2018-platja-nord-pobla-de-farnals-valencia.jpg",1536,1024,false],"2048x2048":["https:\/\/pobladefarnals.com\/en\/wp-content\/uploads\/sites\/9\/2018\/11\/bandera-azul-2018-platja-nord-pobla-de-farnals-valencia.jpg",1701,1134,false],"gb-block-post-grid-landscape":["https:\/\/pobladefarnals.com\/en\/wp-content\/uploads\/sites\/9\/2018\/11\/bandera-azul-2018-platja-nord-pobla-de-farnals-valencia.jpg",600,400,false],"gb-block-post-grid-square":["https:\/\/pobladefarnals.com\/en\/wp-content\/uploads\/sites\/9\/2018\/11\/bandera-azul-2018-platja-nord-pobla-de-farnals-valencia.jpg",600,400,false]},"post_excerpt_stackable_v2":"<p>El reconocimiento contempla la calidad del agua o la limpieza del litoral La playa Norte de la Pobla de Farnals ha vuelto a conseguir este a\u00f1o la Bandera Azul, un reconocimiento otorgado por la Federaci\u00f3n Europea de Educaci\u00f3n Ambiental basado en criterios como la calidad del agua, la limpieza del espacio, la presencia de servicios sanitarios, la seguridad, la informaci\u00f3n aportada al visitante o las iniciativas de concienciaci\u00f3n ecol\u00f3gica que se desarrollan. Las 132 banderas azules del litoral de la Comunitat Valenciana la convierten en la regi\u00f3n del estado con el n\u00famero m\u00e1s elevado de estos galardones. 31 de estas&hellip;<\/p>\n","category_list_v2":"","author_info_v2":{"name":"wp-admin","url":"https:\/\/pobladefarnals.com\/en\/author\/casco\/"},"comments_num_v2":"0 comments","yoast_head":"<!-- This site is optimized with the Yoast SEO plugin v27.5 - https:\/\/yoast.com\/product\/yoast-seo-wordpress\/ -->\n<title>Playa Urbana con Bandera Azul - EN - Pobla de Farnals<\/title>\n<meta name=\"robots\" content=\"index, follow, max-snippet:-1, max-image-preview:large, max-video-preview:-1\" \/>\n<link rel=\"canonical\" href=\"https:\/\/pobladefarnals.com\/en\/playa-urbana-con-bandera-azul\/\" \/>\n<meta property=\"og:locale\" content=\"en_GB\" \/>\n<meta property=\"og:type\" content=\"article\" \/>\n<meta property=\"og:title\" content=\"Playa Urbana con Bandera Azul - EN - Pobla de Farnals\" \/>\n<meta property=\"og:description\" content=\"El reconocimiento contempla la calidad del agua o la limpieza del litoral La playa Norte de la Pobla de Farnals [&hellip;]\" \/>\n<meta property=\"og:url\" content=\"https:\/\/pobladefarnals.com\/en\/playa-urbana-con-bandera-azul\/\" \/>\n<meta property=\"og:site_name\" content=\"EN - Pobla de Farnals\" \/>\n<meta property=\"og:image\" content=\"https:\/\/pobladefarnals.com\/en\/wp-content\/uploads\/sites\/9\/2018\/11\/bandera-azul-2018-platja-nord-pobla-de-farnals-valencia.jpg\" \/>\n\t<meta property=\"og:image:width\" content=\"1701\" \/>\n\t<meta property=\"og:image:height\" content=\"1134\" \/>\n\t<meta property=\"og:image:type\" content=\"image\/jpeg\" \/>\n<meta name=\"twitter:card\" content=\"summary_large_image\" \/>\n<meta name=\"twitter:label1\" content=\"Estimated reading time\" \/>\n\t<meta name=\"twitter:data1\" content=\"1 minute\" \/>\n<script type=\"application\/ld+json\" class=\"yoast-schema-graph\">{\"@context\":\"https:\\\/\\\/schema.org\",\"@graph\":[{\"@type\":\"WebPage\",\"@id\":\"https:\\\/\\\/pobladefarnals.com\\\/en\\\/playa-urbana-con-bandera-azul\\\/\",\"url\":\"https:\\\/\\\/pobladefarnals.com\\\/en\\\/playa-urbana-con-bandera-azul\\\/\",\"name\":\"Playa Urbana con Bandera Azul - EN - Pobla de Farnals\",\"isPartOf\":{\"@id\":\"https:\\\/\\\/pobladefarnals.com\\\/en\\\/#website\"},\"primaryImageOfPage\":{\"@id\":\"https:\\\/\\\/pobladefarnals.com\\\/en\\\/playa-urbana-con-bandera-azul\\\/#primaryimage\"},\"image\":{\"@id\":\"https:\\\/\\\/pobladefarnals.com\\\/en\\\/playa-urbana-con-bandera-azul\\\/#primaryimage\"},\"thumbnailUrl\":\"https:\\\/\\\/pobladefarnals.com\\\/en\\\/wp-content\\\/uploads\\\/sites\\\/9\\\/2018\\\/11\\\/bandera-azul-2018-platja-nord-pobla-de-farnals-valencia.jpg\",\"datePublished\":\"2018-11-15T11:11:35+00:00\",\"breadcrumb\":{\"@id\":\"https:\\\/\\\/pobladefarnals.com\\\/en\\\/playa-urbana-con-bandera-azul\\\/#breadcrumb\"},\"inLanguage\":\"en-GB\",\"potentialAction\":[{\"@type\":\"ReadAction\",\"target\":[\"https:\\\/\\\/pobladefarnals.com\\\/en\\\/playa-urbana-con-bandera-azul\\\/\"]}]},{\"@type\":\"ImageObject\",\"inLanguage\":\"en-GB\",\"@id\":\"https:\\\/\\\/pobladefarnals.com\\\/en\\\/playa-urbana-con-bandera-azul\\\/#primaryimage\",\"url\":\"https:\\\/\\\/pobladefarnals.com\\\/en\\\/wp-content\\\/uploads\\\/sites\\\/9\\\/2018\\\/11\\\/bandera-azul-2018-platja-nord-pobla-de-farnals-valencia.jpg\",\"contentUrl\":\"https:\\\/\\\/pobladefarnals.com\\\/en\\\/wp-content\\\/uploads\\\/sites\\\/9\\\/2018\\\/11\\\/bandera-azul-2018-platja-nord-pobla-de-farnals-valencia.jpg\",\"width\":1701,\"height\":1134,\"caption\":\"Bandera Azul 2018 - Platja nord - Pobla de Farnals - Valencia\"},{\"@type\":\"BreadcrumbList\",\"@id\":\"https:\\\/\\\/pobladefarnals.com\\\/en\\\/playa-urbana-con-bandera-azul\\\/#breadcrumb\",\"itemListElement\":[{\"@type\":\"ListItem\",\"position\":1,\"name\":\"Home\",\"item\":\"https:\\\/\\\/pobladefarnals.com\\\/en\\\/\"},{\"@type\":\"ListItem\",\"position\":2,\"name\":\"Playa Urbana con Bandera Azul\"}]},{\"@type\":\"WebSite\",\"@id\":\"https:\\\/\\\/pobladefarnals.com\\\/en\\\/#website\",\"url\":\"https:\\\/\\\/pobladefarnals.com\\\/en\\\/\",\"name\":\"EN - Pobla de Farnals\",\"description\":\"\",\"publisher\":{\"@id\":\"https:\\\/\\\/pobladefarnals.com\\\/en\\\/#organization\"},\"potentialAction\":[{\"@type\":\"SearchAction\",\"target\":{\"@type\":\"EntryPoint\",\"urlTemplate\":\"https:\\\/\\\/pobladefarnals.com\\\/en\\\/?s={search_term_string}\"},\"query-input\":{\"@type\":\"PropertyValueSpecification\",\"valueRequired\":true,\"valueName\":\"search_term_string\"}}],\"inLanguage\":\"en-GB\"},{\"@type\":\"Organization\",\"@id\":\"https:\\\/\\\/pobladefarnals.com\\\/en\\\/#organization\",\"name\":\"EN - Pobla de Farnals\",\"url\":\"https:\\\/\\\/pobladefarnals.com\\\/en\\\/\",\"logo\":{\"@type\":\"ImageObject\",\"inLanguage\":\"en-GB\",\"@id\":\"https:\\\/\\\/pobladefarnals.com\\\/en\\\/#\\\/schema\\\/logo\\\/image\\\/\",\"url\":\"https:\\\/\\\/pobladefarnals.com\\\/en\\\/wp-content\\\/uploads\\\/sites\\\/9\\\/2022\\\/05\\\/logo3.png\",\"contentUrl\":\"https:\\\/\\\/pobladefarnals.com\\\/en\\\/wp-content\\\/uploads\\\/sites\\\/9\\\/2022\\\/05\\\/logo3.png\",\"width\":1946,\"height\":1112,\"caption\":\"EN - Pobla de Farnals\"},\"image\":{\"@id\":\"https:\\\/\\\/pobladefarnals.com\\\/en\\\/#\\\/schema\\\/logo\\\/image\\\/\"}}]}<\/script>\n<!-- \/ Yoast SEO plugin. -->","yoast_head_json":{"title":"Playa Urbana con Bandera Azul - EN - Pobla de Farnals","robots":{"index":"index","follow":"follow","max-snippet":"max-snippet:-1","max-image-preview":"max-image-preview:large","max-video-preview":"max-video-preview:-1"},"canonical":"https:\/\/pobladefarnals.com\/en\/playa-urbana-con-bandera-azul\/","og_locale":"en_GB","og_type":"article","og_title":"Playa Urbana con Bandera Azul - EN - Pobla de Farnals","og_description":"El reconocimiento contempla la calidad del agua o la limpieza del litoral La playa Norte de la Pobla de Farnals [&hellip;]","og_url":"https:\/\/pobladefarnals.com\/en\/playa-urbana-con-bandera-azul\/","og_site_name":"EN - Pobla de Farnals","og_image":[{"width":1701,"height":1134,"url":"https:\/\/pobladefarnals.com\/en\/wp-content\/uploads\/sites\/9\/2018\/11\/bandera-azul-2018-platja-nord-pobla-de-farnals-valencia.jpg","type":"image\/jpeg"}],"twitter_card":"summary_large_image","twitter_misc":{"Estimated reading time":"1 minute"},"schema":{"@context":"https:\/\/schema.org","@graph":[{"@type":"WebPage","@id":"https:\/\/pobladefarnals.com\/en\/playa-urbana-con-bandera-azul\/","url":"https:\/\/pobladefarnals.com\/en\/playa-urbana-con-bandera-azul\/","name":"Playa Urbana con Bandera Azul - EN - Pobla de Farnals","isPartOf":{"@id":"https:\/\/pobladefarnals.com\/en\/#website"},"primaryImageOfPage":{"@id":"https:\/\/pobladefarnals.com\/en\/playa-urbana-con-bandera-azul\/#primaryimage"},"image":{"@id":"https:\/\/pobladefarnals.com\/en\/playa-urbana-con-bandera-azul\/#primaryimage"},"thumbnailUrl":"https:\/\/pobladefarnals.com\/en\/wp-content\/uploads\/sites\/9\/2018\/11\/bandera-azul-2018-platja-nord-pobla-de-farnals-valencia.jpg","datePublished":"2018-11-15T11:11:35+00:00","breadcrumb":{"@id":"https:\/\/pobladefarnals.com\/en\/playa-urbana-con-bandera-azul\/#breadcrumb"},"inLanguage":"en-GB","potentialAction":[{"@type":"ReadAction","target":["https:\/\/pobladefarnals.com\/en\/playa-urbana-con-bandera-azul\/"]}]},{"@type":"ImageObject","inLanguage":"en-GB","@id":"https:\/\/pobladefarnals.com\/en\/playa-urbana-con-bandera-azul\/#primaryimage","url":"https:\/\/pobladefarnals.com\/en\/wp-content\/uploads\/sites\/9\/2018\/11\/bandera-azul-2018-platja-nord-pobla-de-farnals-valencia.jpg","contentUrl":"https:\/\/pobladefarnals.com\/en\/wp-content\/uploads\/sites\/9\/2018\/11\/bandera-azul-2018-platja-nord-pobla-de-farnals-valencia.jpg","width":1701,"height":1134,"caption":"Bandera Azul 2018 - Platja nord - Pobla de Farnals - Valencia"},{"@type":"BreadcrumbList","@id":"https:\/\/pobladefarnals.com\/en\/playa-urbana-con-bandera-azul\/#breadcrumb","itemListElement":[{"@type":"ListItem","position":1,"name":"Home","item":"https:\/\/pobladefarnals.com\/en\/"},{"@type":"ListItem","position":2,"name":"Playa Urbana con Bandera Azul"}]},{"@type":"WebSite","@id":"https:\/\/pobladefarnals.com\/en\/#website","url":"https:\/\/pobladefarnals.com\/en\/","name":"EN - Pobla de Farnals","description":"","publisher":{"@id":"https:\/\/pobladefarnals.com\/en\/#organization"},"potentialAction":[{"@type":"SearchAction","target":{"@type":"EntryPoint","urlTemplate":"https:\/\/pobladefarnals.com\/en\/?s={search_term_string}"},"query-input":{"@type":"PropertyValueSpecification","valueRequired":true,"valueName":"search_term_string"}}],"inLanguage":"en-GB"},{"@type":"Organization","@id":"https:\/\/pobladefarnals.com\/en\/#organization","name":"EN - Pobla de Farnals","url":"https:\/\/pobladefarnals.com\/en\/","logo":{"@type":"ImageObject","inLanguage":"en-GB","@id":"https:\/\/pobladefarnals.com\/en\/#\/schema\/logo\/image\/","url":"https:\/\/pobladefarnals.com\/en\/wp-content\/uploads\/sites\/9\/2022\/05\/logo3.png","contentUrl":"https:\/\/pobladefarnals.com\/en\/wp-content\/uploads\/sites\/9\/2022\/05\/logo3.png","width":1946,"height":1112,"caption":"EN - Pobla de Farnals"},"image":{"@id":"https:\/\/pobladefarnals.com\/en\/#\/schema\/logo\/image\/"}}]}},"featured_image_src":"https:\/\/pobladefarnals.com\/en\/wp-content\/uploads\/sites\/9\/2018\/11\/bandera-azul-2018-platja-nord-pobla-de-farnals-valencia.jpg","featured_image_src_square":"https:\/\/pobladefarnals.com\/en\/wp-content\/uploads\/sites\/9\/2018\/11\/bandera-azul-2018-platja-nord-pobla-de-farnals-valencia.jpg","uagb_featured_image_src":{"full":["https:\/\/pobladefarnals.com\/en\/wp-content\/uploads\/sites\/9\/2018\/11\/bandera-azul-2018-platja-nord-pobla-de-farnals-valencia.jpg",1701,1134,false],"thumbnail":["https:\/\/pobladefarnals.com\/en\/wp-content\/uploads\/sites\/9\/2018\/11\/bandera-azul-2018-platja-nord-pobla-de-farnals-valencia-150x150.jpg",150,150,true],"medium":["https:\/\/pobladefarnals.com\/en\/wp-content\/uploads\/sites\/9\/2018\/11\/bandera-azul-2018-platja-nord-pobla-de-farnals-valencia-300x200.jpg",300,200,true],"medium_large":["https:\/\/pobladefarnals.com\/en\/wp-content\/uploads\/sites\/9\/2018\/11\/bandera-azul-2018-platja-nord-pobla-de-farnals-valencia-768x512.jpg",768,512,true],"large":["https:\/\/pobladefarnals.com\/en\/wp-content\/uploads\/sites\/9\/2018\/11\/bandera-azul-2018-platja-nord-pobla-de-farnals-valencia-1024x683.jpg",1024,683,true],"1536x1536":["https:\/\/pobladefarnals.com\/en\/wp-content\/uploads\/sites\/9\/2018\/11\/bandera-azul-2018-platja-nord-pobla-de-farnals-valencia.jpg",1536,1024,false],"2048x2048":["https:\/\/pobladefarnals.com\/en\/wp-content\/uploads\/sites\/9\/2018\/11\/bandera-azul-2018-platja-nord-pobla-de-farnals-valencia.jpg",1701,1134,false],"gb-block-post-grid-landscape":["https:\/\/pobladefarnals.com\/en\/wp-content\/uploads\/sites\/9\/2018\/11\/bandera-azul-2018-platja-nord-pobla-de-farnals-valencia.jpg",600,400,false],"gb-block-post-grid-square":["https:\/\/pobladefarnals.com\/en\/wp-content\/uploads\/sites\/9\/2018\/11\/bandera-azul-2018-platja-nord-pobla-de-farnals-valencia.jpg",600,400,false]},"uagb_author_info":{"display_name":"wp-admin","author_link":"https:\/\/pobladefarnals.com\/en\/author\/casco\/"},"uagb_comment_info":0,"uagb_excerpt":"El reconocimiento contempla la calidad del agua o la limpieza del litoral La playa Norte de la Pobla de Farnals [&hellip;]","_links":{"self":[{"href":"https:\/\/pobladefarnals.com\/en\/wp-json\/wp\/v2\/pages\/903","targetHints":{"allow":["GET"]}}],"collection":[{"href":"https:\/\/pobladefarnals.com\/en\/wp-json\/wp\/v2\/pages"}],"about":[{"href":"https:\/\/pobladefarnals.com\/en\/wp-json\/wp\/v2\/types\/page"}],"author":[{"embeddable":true,"href":"https:\/\/pobladefarnals.com\/en\/wp-json\/wp\/v2\/users\/1"}],"replies":[{"embeddable":true,"href":"https:\/\/pobladefarnals.com\/en\/wp-json\/wp\/v2\/comments?post=903"}],"version-history":[{"count":0,"href":"https:\/\/pobladefarnals.com\/en\/wp-json\/wp\/v2\/pages\/903\/revisions"}],"wp:featuredmedia":[{"embeddable":true,"href":"https:\/\/pobladefarnals.com\/en\/wp-json\/wp\/v2\/media\/911"}],"wp:attachment":[{"href":"https:\/\/pobladefarnals.com\/en\/wp-json\/wp\/v2\/media?parent=903"}],"curies":[{"name":"wp","href":"https:\/\/api.w.org\/{rel}","templated":true}]}}